{"id":46,"date":"2025-03-28T17:14:28","date_gmt":"2025-03-28T16:14:28","guid":{"rendered":"https:\/\/azur-reflexologie.fr\/?page_id=46"},"modified":"2026-03-22T15:06:36","modified_gmt":"2026-03-22T14:06:36","slug":"contact","status":"publish","type":"page","link":"https:\/\/azur-reflexologie.fr\/?page_id=46","title":{"rendered":"Contact"},"content":{"rendered":"\t\t<div data-elementor-type=\"wp-page\" data-elementor-id=\"46\" class=\"elementor elementor-46\">\n\t\t\t\t<div class=\"elementor-element elementor-element-7617eb3 e-flex e-con-boxed e-con e-parent\" data-id=\"7617eb3\" data-element_type=\"container\" data-e-type=\"container\">\n\t\t\t\t\t<div class=\"e-con-inner\">\n\t\t\t\t<div class=\"elementor-element elementor-element-746a88f elementor-widget elementor-widget-heading\" data-id=\"746a88f\" data-element_type=\"widget\" data-e-type=\"widget\" data-widget_type=\"heading.default\">\n\t\t\t\t<div class=\"elementor-widget-container\">\n\t\t\t\t\t<h3 class=\"elementor-heading-title elementor-size-default\">Pour tout renseignement et prise de rendez-vous<\/h3>\t\t\t\t<\/div>\n\t\t\t\t<\/div>\n\t\t\t\t<div class=\"elementor-element elementor-element-2edffb1 elementor-hidden-mobile elementor-widget elementor-widget-text-editor\" data-id=\"2edffb1\" data-element_type=\"widget\" data-e-type=\"widget\" data-widget_type=\"text-editor.default\">\n\t\t\t\t<div class=\"elementor-widget-container\">\n\t\t\t\t\t\t\t\t\t<p><img decoding=\"async\" class=\"alignright wp-image-155\" src=\"https:\/\/azur-reflexologie.fr\/wp-content\/uploads\/2025\/03\/IMG_20250308_170803-01-226x300.jpeg\" alt=\"\" width=\"188\" height=\"250\" srcset=\"https:\/\/azur-reflexologie.fr\/wp-content\/uploads\/2025\/03\/IMG_20250308_170803-01-226x300.jpeg 226w, https:\/\/azur-reflexologie.fr\/wp-content\/uploads\/2025\/03\/IMG_20250308_170803-01-771x1024.jpeg 771w, https:\/\/azur-reflexologie.fr\/wp-content\/uploads\/2025\/03\/IMG_20250308_170803-01-768x1020.jpeg 768w, https:\/\/azur-reflexologie.fr\/wp-content\/uploads\/2025\/03\/IMG_20250308_170803-01-1156x1536.jpeg 1156w, https:\/\/azur-reflexologie.fr\/wp-content\/uploads\/2025\/03\/IMG_20250308_170803-01-45x60.jpeg 45w, https:\/\/azur-reflexologie.fr\/wp-content\/uploads\/2025\/03\/IMG_20250308_170803-01.jpeg 1296w\" sizes=\"(max-width: 188px) 100vw, 188px\" \/>Sandrine Stagliano<br \/>R\u00e9flexologue &#8211; Entrepreneur individuel<\/p>\n<p>T\u00e9l. pro : <a href=\"tel:0651780733\"><b>06.51.78.07.33<\/b><\/a><br \/>E-mail : <a href=\"mailto:sandrine@azur-reflexologie.com\"><b>sandrine@azur-reflexologie.com<\/b><\/a><\/p>\t\t\t\t\t\t\t\t<\/div>\n\t\t\t\t<\/div>\n\t\t\t\t<div class=\"elementor-element elementor-element-722a8a6 elementor-hidden-desktop elementor-hidden-tablet elementor-widget elementor-widget-text-editor\" data-id=\"722a8a6\" data-element_type=\"widget\" data-e-type=\"widget\" data-widget_type=\"text-editor.default\">\n\t\t\t\t<div class=\"elementor-widget-container\">\n\t\t\t\t\t\t\t\t\t<p>Sandrine Stagliano<br \/>R\u00e9flexologue &#8211; Entrepreneur individuel<\/p>\n<p>T\u00e9l. pro : <a href=\"tel:0651780733\"><b>06.51.78.07.33<\/b><\/a><br \/>E-mail : <a href=\"mailto:sandrine@azur-reflexologie.com\"><b>sandrine@azur-reflexologie.com<\/b><\/a><\/p>\n<p><img fetchpriority=\"high\" decoding=\"async\" class=\"wp-image-155 size-medium aligncenter\" src=\"https:\/\/azur-reflexologie.fr\/wp-content\/uploads\/2025\/03\/IMG_20250308_170803-01-226x300.jpeg\" alt=\"\" width=\"226\" height=\"300\" srcset=\"https:\/\/azur-reflexologie.fr\/wp-content\/uploads\/2025\/03\/IMG_20250308_170803-01-226x300.jpeg 226w, https:\/\/azur-reflexologie.fr\/wp-content\/uploads\/2025\/03\/IMG_20250308_170803-01-771x1024.jpeg 771w, https:\/\/azur-reflexologie.fr\/wp-content\/uploads\/2025\/03\/IMG_20250308_170803-01-768x1020.jpeg 768w, https:\/\/azur-reflexologie.fr\/wp-content\/uploads\/2025\/03\/IMG_20250308_170803-01-1156x1536.jpeg 1156w, https:\/\/azur-reflexologie.fr\/wp-content\/uploads\/2025\/03\/IMG_20250308_170803-01-45x60.jpeg 45w, https:\/\/azur-reflexologie.fr\/wp-content\/uploads\/2025\/03\/IMG_20250308_170803-01.jpeg 1296w\" sizes=\"(max-width: 226px) 100vw, 226px\" \/><\/p>\t\t\t\t\t\t\t\t<\/div>\n\t\t\t\t<\/div>\n\t\t\t\t<div class=\"elementor-element elementor-element-b3a8db0 elementor-widget elementor-widget-heading\" data-id=\"b3a8db0\" data-element_type=\"widget\" data-e-type=\"widget\" data-widget_type=\"heading.default\">\n\t\t\t\t<div class=\"elementor-widget-container\">\n\t\t\t\t\t<h3 class=\"elementor-heading-title elementor-size-default\">Si vous pr\u00e9f\u00e9rez prendre RDV en ligne :<\/h3>\t\t\t\t<\/div>\n\t\t\t\t<\/div>\n\t\t<div class=\"elementor-element elementor-element-15e6428 e-grid e-con-full e-con e-child\" data-id=\"15e6428\" data-element_type=\"container\" data-e-type=\"container\">\n\t\t\t\t<div class=\"elementor-element elementor-element-7dd4392 e-transform elementor-view-default elementor-position-block-start elementor-mobile-position-block-start elementor-widget elementor-widget-icon-box\" data-id=\"7dd4392\" data-element_type=\"widget\" data-e-type=\"widget\" data-settings=\"{&quot;_animation&quot;:&quot;none&quot;,&quot;_transform_scale_effect_hover&quot;:{&quot;unit&quot;:&quot;px&quot;,&quot;size&quot;:1.05,&quot;sizes&quot;:[]},&quot;_transform_scale_effect_hover_tablet&quot;:{&quot;unit&quot;:&quot;px&quot;,&quot;size&quot;:&quot;&quot;,&quot;sizes&quot;:[]},&quot;_transform_scale_effect_hover_mobile&quot;:{&quot;unit&quot;:&quot;px&quot;,&quot;size&quot;:&quot;&quot;,&quot;sizes&quot;:[]}}\" data-widget_type=\"icon-box.default\">\n\t\t\t\t<div class=\"elementor-widget-container\">\n\t\t\t\t\t\t\t<div class=\"elementor-icon-box-wrapper\">\n\n\t\t\t\t\t\t<div class=\"elementor-icon-box-icon\">\n\t\t\t\t<a href=\"https:\/\/calendly.com\/azur-reflexologie\/prise-de-rdv-individuel\" target=\"_blank\" class=\"elementor-icon\" tabindex=\"-1\" aria-label=\"Adulte&lt;BR&gt;R\u00c9SERVER UNE S\u00c9ANCE \ud83d\uddd3\ufe0f\">\n\t\t\t\t<svg aria-hidden=\"true\" class=\"e-font-icon-svg e-fas-street-view\" viewBox=\"0 0 512 512\" xmlns=\"http:\/\/www.w3.org\/2000\/svg\"><path d=\"M367.9 329.76c-4.62 5.3-9.78 10.1-15.9 13.65v22.94c66.52 9.34 112 28.05 112 49.65 0 30.93-93.12 56-208 56S48 446.93 48 416c0-21.6 45.48-40.3 112-49.65v-22.94c-6.12-3.55-11.28-8.35-15.9-13.65C58.87 345.34 0 378.05 0 416c0 53.02 114.62 96 256 96s256-42.98 256-96c0-37.95-58.87-70.66-144.1-86.24zM256 128c35.35 0 64-28.65 64-64S291.35 0 256 0s-64 28.65-64 64 28.65 64 64 64zm-64 192v96c0 17.67 14.33 32 32 32h64c17.67 0 32-14.33 32-32v-96c17.67 0 32-14.33 32-32v-96c0-26.51-21.49-48-48-48h-11.8c-11.07 5.03-23.26 8-36.2 8s-25.13-2.97-36.2-8H208c-26.51 0-48 21.49-48 48v96c0 17.67 14.33 32 32 32z\"><\/path><\/svg>\t\t\t\t<\/a>\n\t\t\t<\/div>\n\t\t\t\n\t\t\t\t\t\t<div class=\"elementor-icon-box-content\">\n\n\t\t\t\t\t\t\t\t\t<h5 class=\"elementor-icon-box-title\">\n\t\t\t\t\t\t<a href=\"https:\/\/calendly.com\/azur-reflexologie\/prise-de-rdv-individuel\" target=\"_blank\" >\n\t\t\t\t\t\t\tAdulte<BR>R\u00c9SERVER UNE S\u00c9ANCE \ud83d\uddd3\ufe0f\t\t\t\t\t\t<\/a>\n\t\t\t\t\t<\/h5>\n\t\t\t\t\n\t\t\t\t\t\t\t\t\t<p class=\"elementor-icon-box-description\">\n\t\t\t\t\t\tTarif : 60 \u20ac<BR>Dur\u00e9e : 1h (pr\u00e9voir 1h30 pour un 1<sup>er<\/sup> RDV)\t\t\t\t\t<\/p>\n\t\t\t\t\n\t\t\t<\/div>\n\t\t\t\n\t\t<\/div>\n\t\t\t\t\t\t<\/div>\n\t\t\t\t<\/div>\n\t\t\t\t<div class=\"elementor-element elementor-element-cf470ba e-transform elementor-view-default elementor-position-block-start elementor-mobile-position-block-start elementor-widget elementor-widget-icon-box\" data-id=\"cf470ba\" data-element_type=\"widget\" data-e-type=\"widget\" data-settings=\"{&quot;_animation&quot;:&quot;none&quot;,&quot;_transform_scale_effect_hover&quot;:{&quot;unit&quot;:&quot;px&quot;,&quot;size&quot;:1.05,&quot;sizes&quot;:[]},&quot;_transform_scale_effect_hover_tablet&quot;:{&quot;unit&quot;:&quot;px&quot;,&quot;size&quot;:&quot;&quot;,&quot;sizes&quot;:[]},&quot;_transform_scale_effect_hover_mobile&quot;:{&quot;unit&quot;:&quot;px&quot;,&quot;size&quot;:&quot;&quot;,&quot;sizes&quot;:[]}}\" data-widget_type=\"icon-box.default\">\n\t\t\t\t<div class=\"elementor-widget-container\">\n\t\t\t\t\t\t\t<div class=\"elementor-icon-box-wrapper\">\n\n\t\t\t\t\t\t<div class=\"elementor-icon-box-icon\">\n\t\t\t\t<a href=\"https:\/\/calendly.com\/azur-reflexologie\/prise-de-rdv-individuel\" target=\"_blank\" class=\"elementor-icon\" tabindex=\"-1\" aria-label=\"Enfant -13 ans&lt;BR&gt;R\u00c9SERVER UNE S\u00c9ANCE \ud83d\uddd3\ufe0f\">\n\t\t\t\t<svg aria-hidden=\"true\" class=\"e-font-icon-svg e-fas-child\" viewBox=\"0 0 384 512\" xmlns=\"http:\/\/www.w3.org\/2000\/svg\"><path d=\"M120 72c0-39.765 32.235-72 72-72s72 32.235 72 72c0 39.764-32.235 72-72 72s-72-32.236-72-72zm254.627 1.373c-12.496-12.497-32.758-12.497-45.254 0L242.745 160H141.254L54.627 73.373c-12.496-12.497-32.758-12.497-45.254 0-12.497 12.497-12.497 32.758 0 45.255L104 213.254V480c0 17.673 14.327 32 32 32h16c17.673 0 32-14.327 32-32V368h16v112c0 17.673 14.327 32 32 32h16c17.673 0 32-14.327 32-32V213.254l94.627-94.627c12.497-12.497 12.497-32.757 0-45.254z\"><\/path><\/svg>\t\t\t\t<\/a>\n\t\t\t<\/div>\n\t\t\t\n\t\t\t\t\t\t<div class=\"elementor-icon-box-content\">\n\n\t\t\t\t\t\t\t\t\t<h5 class=\"elementor-icon-box-title\">\n\t\t\t\t\t\t<a href=\"https:\/\/calendly.com\/azur-reflexologie\/prise-de-rdv-individuel\" target=\"_blank\" >\n\t\t\t\t\t\t\tEnfant -13 ans<BR>R\u00c9SERVER UNE S\u00c9ANCE \ud83d\uddd3\ufe0f\t\t\t\t\t\t<\/a>\n\t\t\t\t\t<\/h5>\n\t\t\t\t\n\t\t\t\t\t\t\t\t\t<p class=\"elementor-icon-box-description\">\n\t\t\t\t\t\tTarif : 40 \u20ac<BR>Dur\u00e9e : 40mn (pr\u00e9voir 1h pour un 1<sup>er<\/sup> RDV)\t\t\t\t\t<\/p>\n\t\t\t\t\n\t\t\t<\/div>\n\t\t\t\n\t\t<\/div>\n\t\t\t\t\t\t<\/div>\n\t\t\t\t<\/div>\n\t\t\t\t<\/div>\n\t\t\t\t<div class=\"elementor-element elementor-element-9d67b43 elementor-widget elementor-widget-spacer\" data-id=\"9d67b43\" data-element_type=\"widget\" data-e-type=\"widget\" data-widget_type=\"spacer.default\">\n\t\t\t\t<div class=\"elementor-widget-container\">\n\t\t\t\t\t\t\t<div class=\"elementor-spacer\">\n\t\t\t<div class=\"elementor-spacer-inner\"><\/div>\n\t\t<\/div>\n\t\t\t\t\t\t<\/div>\n\t\t\t\t<\/div>\n\t\t\t\t<div class=\"elementor-element elementor-element-fa5c04a elementor-widget elementor-widget-heading\" data-id=\"fa5c04a\" data-element_type=\"widget\" data-e-type=\"widget\" data-widget_type=\"heading.default\">\n\t\t\t\t<div class=\"elementor-widget-container\">\n\t\t\t\t\t<h3 class=\"elementor-heading-title elementor-size-default\">Localisation<\/h3>\t\t\t\t<\/div>\n\t\t\t\t<\/div>\n\t\t\t\t<div class=\"elementor-element elementor-element-4cfc6e7 elementor-hidden-mobile elementor-widget elementor-widget-text-editor\" data-id=\"4cfc6e7\" data-element_type=\"widget\" data-e-type=\"widget\" data-widget_type=\"text-editor.default\">\n\t\t\t\t<div class=\"elementor-widget-container\">\n\t\t\t\t\t\t\t\t\t<p><img decoding=\"async\" class=\"alignright wp-image-268 size-medium\" src=\"https:\/\/azur-reflexologie.fr\/wp-content\/uploads\/2025\/03\/carte-bandol-300x245.jpg\" alt=\"\" width=\"300\" height=\"245\" srcset=\"https:\/\/azur-reflexologie.fr\/wp-content\/uploads\/2025\/03\/carte-bandol-300x245.jpg 300w, https:\/\/azur-reflexologie.fr\/wp-content\/uploads\/2025\/03\/carte-bandol-1024x838.jpg 1024w, https:\/\/azur-reflexologie.fr\/wp-content\/uploads\/2025\/03\/carte-bandol-768x628.jpg 768w, https:\/\/azur-reflexologie.fr\/wp-content\/uploads\/2025\/03\/carte-bandol-73x60.jpg 73w, https:\/\/azur-reflexologie.fr\/wp-content\/uploads\/2025\/03\/carte-bandol.jpg 1241w\" sizes=\"(max-width: 300px) 100vw, 300px\" \/>Le cabinet d&rsquo;Azur-R\u00e9flexologie se situe \u00e0 Bandol, quartier d&rsquo;Entrechaux.<\/p>\n<p>\ud83c\udd7f\ufe0f Parking devant le cabinet.<\/p>\n<p>\u2139\ufe0f Pas d&rsquo;acc\u00e8s pour personne \u00e0 mobilit\u00e9 r\u00e9duite, je me d\u00e9place \u00e0 votre domicile si n\u00e9cessaire.<\/p>\n<!-- \/wp:paragraph --><!-- wp:paragraph --><!-- \/wp:paragraph --><!-- wp:paragraph {\"fontSize\":\"medium\"} --><!-- \/wp:paragraph -->\t\t\t\t\t\t\t\t<\/div>\n\t\t\t\t<\/div>\n\t\t\t\t<div class=\"elementor-element elementor-element-71e1d39 elementor-hidden-desktop elementor-hidden-tablet elementor-widget elementor-widget-text-editor\" data-id=\"71e1d39\" data-element_type=\"widget\" data-e-type=\"widget\" data-widget_type=\"text-editor.default\">\n\t\t\t\t<div class=\"elementor-widget-container\">\n\t\t\t\t\t\t\t\t\t<p>Le cabinet d&rsquo;Azur-R\u00e9flexologie se situe \u00e0 Bandol, quartier d&rsquo;Entrechaux.<\/p>\n<p>\ud83c\udd7f\ufe0f Parking devant le cabinet.<\/p>\n<p>\u2139\ufe0f Pas d&rsquo;acc\u00e8s pour personne \u00e0 mobilit\u00e9 r\u00e9duite, je me d\u00e9place \u00e0 votre domicile si n\u00e9cessaire.<\/p>\n<p><img loading=\"lazy\" decoding=\"async\" class=\"wp-image-268 size-medium aligncenter\" src=\"https:\/\/azur-reflexologie.fr\/wp-content\/uploads\/2025\/03\/carte-bandol-300x245.jpg\" alt=\"\" width=\"300\" height=\"245\" srcset=\"https:\/\/azur-reflexologie.fr\/wp-content\/uploads\/2025\/03\/carte-bandol-300x245.jpg 300w, https:\/\/azur-reflexologie.fr\/wp-content\/uploads\/2025\/03\/carte-bandol-1024x838.jpg 1024w, https:\/\/azur-reflexologie.fr\/wp-content\/uploads\/2025\/03\/carte-bandol-768x628.jpg 768w, https:\/\/azur-reflexologie.fr\/wp-content\/uploads\/2025\/03\/carte-bandol-73x60.jpg 73w, https:\/\/azur-reflexologie.fr\/wp-content\/uploads\/2025\/03\/carte-bandol.jpg 1241w\" sizes=\"(max-width: 300px) 100vw, 300px\" \/><\/p>\n<!-- \/wp:paragraph --><!-- wp:paragraph --><!-- \/wp:paragraph --><!-- wp:paragraph {\"fontSize\":\"medium\"} --><!-- \/wp:paragraph -->\t\t\t\t\t\t\t\t<\/div>\n\t\t\t\t<\/div>\n\t\t\t\t<div class=\"elementor-element elementor-element-109f907 elementor-widget elementor-widget-heading\" data-id=\"109f907\" data-element_type=\"widget\" data-e-type=\"widget\" data-widget_type=\"heading.default\">\n\t\t\t\t<div class=\"elementor-widget-container\">\n\t\t\t\t\t<h3 class=\"elementor-heading-title elementor-size-default\">Horaires<\/h3>\t\t\t\t<\/div>\n\t\t\t\t<\/div>\n\t\t\t\t<div class=\"elementor-element elementor-element-340ef5a5 elementor-widget elementor-widget-text-editor\" data-id=\"340ef5a5\" data-element_type=\"widget\" data-e-type=\"widget\" data-widget_type=\"text-editor.default\">\n\t\t\t\t<div class=\"elementor-widget-container\">\n\t\t\t\t\t\t\t\t\t<!-- wp:paragraph --><!-- \/wp:paragraph --><!-- wp:paragraph -->\n<p>Du Lundi au Vendredi : 9h00 \u2013 19h00<br \/>Samedi : 9h00 \u2013 12h00<\/p>\n<!-- \/wp:paragraph -->\t\t\t\t\t\t\t\t<\/div>\n\t\t\t\t<\/div>\n\t\t\t\t<div class=\"elementor-element elementor-element-2bce7f5 elementor-widget elementor-widget-heading\" data-id=\"2bce7f5\" data-element_type=\"widget\" data-e-type=\"widget\" data-widget_type=\"heading.default\">\n\t\t\t\t<div class=\"elementor-widget-container\">\n\t\t\t\t\t<h3 class=\"elementor-heading-title elementor-size-default\">Vous pouvez \u00e9galement retrouver Azur-R\u00e9flexologie sur :<\/h3>\t\t\t\t<\/div>\n\t\t\t\t<\/div>\n\t\t\t\t<div class=\"elementor-element elementor-element-2f9ad1f elementor-widget elementor-widget-text-editor\" data-id=\"2f9ad1f\" data-element_type=\"widget\" data-e-type=\"widget\" data-widget_type=\"text-editor.default\">\n\t\t\t\t<div class=\"elementor-widget-container\">\n\t\t\t\t\t\t\t\t\t<!-- wp:paragraph --><!-- \/wp:paragraph --><!-- wp:paragraph --><!-- \/wp:paragraph --><!-- wp:image {\"id\":48,\"sizeSlug\":\"full\",\"linkDestination\":\"none\",\"align\":\"left\"} -->\n<figure class=\"wp-block-image alignleft size-full\"><a href=\"https:\/\/www.instagram.com\/azur_reflexologie\/\" target=\"_blank\" rel=\"noopener\"><img loading=\"lazy\" decoding=\"async\" width=\"72\" height=\"72\" class=\"wp-image-48\" src=\"https:\/\/azur-reflexologie.fr\/wp-content\/uploads\/2025\/03\/Instagram_logo_2016.svg_.png\" alt=\"\" \/><\/a>\n<figcaption class=\"wp-element-caption\">Instagram<\/figcaption>\n<\/figure>\n<!-- \/wp:image --><!-- wp:image {\"id\":49,\"sizeSlug\":\"full\",\"linkDestination\":\"none\",\"align\":\"left\"} -->\n<figure class=\"wp-block-image alignleft size-full\"><a href=\"https:\/\/www.linkedin.com\/in\/sandrine-stagliano\/\" target=\"_blank\" rel=\"noopener\"><img loading=\"lazy\" decoding=\"async\" width=\"72\" height=\"72\" class=\"wp-image-49\" src=\"https:\/\/azur-reflexologie.fr\/wp-content\/uploads\/2025\/03\/LinkedIn_icon.svg_.png\" alt=\"\" \/><\/a>\n<figcaption class=\"wp-element-caption\">LinkedIn<\/figcaption>\n<\/figure>\n<!-- \/wp:image --><!-- wp:paragraph -->\n<p>\u00a0<\/p>\n<!-- \/wp:paragraph --><!-- wp:paragraph -->\n<p>\u00a0<\/p>\n<!-- \/wp:paragraph --><!-- wp:paragraph -->\n<p>\u00a0<\/p>\n<!-- \/wp:paragraph -->\t\t\t\t\t\t\t\t<\/div>\n\t\t\t\t<\/div>\n\t\t\t\t\t<\/div>\n\t\t\t\t<\/div>\n\t\t\t\t<\/div>\n\t\t","protected":false},"excerpt":{"rendered":"<p>Pour tout renseignement et prise de rendez-vous Sandrine StaglianoR\u00e9flexologue &#8211; Entrepreneur individuel T\u00e9l. pro : 06.51.78.07.33E-mail : sandrine@azur-reflexologie.com Sandrine StaglianoR\u00e9flexologue &#8211; Entrepreneur individuel T\u00e9l. pro : 06.51.78.07.33E-mail : sandrine@azur-reflexologie.com Si vous pr\u00e9f\u00e9rez prendre RDV en ligne : AdulteR\u00c9SERVER UNE S\u00c9ANCE \ud83d\uddd3\ufe0f Tarif : 60 \u20acDur\u00e9e : 1h (pr\u00e9voir 1h30 pour &hellip; <\/p>\n","protected":false},"author":1,"featured_media":0,"parent":0,"menu_order":0,"comment_status":"closed","ping_status":"closed","template":"","meta":{"footnotes":""},"class_list":["post-46","page","type-page","status-publish","hentry","latest_post"],"yoast_head":"<!-- This site is optimized with the Yoast SEO plugin v27.2 - https:\/\/yoast.com\/product\/yoast-seo-wordpress\/ -->\n<title>Contact - Azur R\u00e9flexologie<\/title>\n<meta name=\"robots\" content=\"index, follow, max-snippet:-1, max-image-preview:large, max-video-preview:-1\" \/>\n<link rel=\"canonical\" href=\"https:\/\/azur-reflexologie.fr\/?page_id=46\" \/>\n<meta property=\"og:locale\" content=\"fr_FR\" \/>\n<meta property=\"og:type\" content=\"article\" \/>\n<meta property=\"og:title\" content=\"Contact - Azur R\u00e9flexologie\" \/>\n<meta property=\"og:description\" content=\"Pour tout renseignement et prise de rendez-vous Sandrine StaglianoR\u00e9flexologue &#8211; Entrepreneur individuel T\u00e9l. pro : 06.51.78.07.33E-mail : sandrine@azur-reflexologie.com Sandrine StaglianoR\u00e9flexologue &#8211; Entrepreneur individuel T\u00e9l. pro : 06.51.78.07.33E-mail : sandrine@azur-reflexologie.com Si vous pr\u00e9f\u00e9rez prendre RDV en ligne : AdulteR\u00c9SERVER UNE S\u00c9ANCE \ud83d\uddd3\ufe0f Tarif : 60 \u20acDur\u00e9e : 1h (pr\u00e9voir 1h30 pour &hellip;\" \/>\n<meta property=\"og:url\" content=\"https:\/\/azur-reflexologie.fr\/?page_id=46\" \/>\n<meta property=\"og:site_name\" content=\"Azur R\u00e9flexologie\" \/>\n<meta property=\"article:modified_time\" content=\"2026-03-22T14:06:36+00:00\" \/>\n<meta property=\"og:image\" content=\"https:\/\/azur-reflexologie.fr\/wp-content\/uploads\/2025\/03\/IMG_20250308_170803-01.jpeg\" \/>\n\t<meta property=\"og:image:width\" content=\"1296\" \/>\n\t<meta property=\"og:image:height\" content=\"1722\" \/>\n\t<meta property=\"og:image:type\" content=\"image\/jpeg\" \/>\n<meta name=\"twitter:card\" content=\"summary_large_image\" \/>\n<meta name=\"twitter:label1\" content=\"Dur\u00e9e de lecture estim\u00e9e\" \/>\n\t<meta name=\"twitter:data1\" content=\"3 minutes\" \/>\n<script type=\"application\/ld+json\" class=\"yoast-schema-graph\">{\"@context\":\"https:\/\/schema.org\",\"@graph\":[{\"@type\":\"WebPage\",\"@id\":\"https:\/\/azur-reflexologie.fr\/?page_id=46\",\"url\":\"https:\/\/azur-reflexologie.fr\/?page_id=46\",\"name\":\"Contact - Azur R\u00e9flexologie\",\"isPartOf\":{\"@id\":\"https:\/\/azur-reflexologie.fr\/#website\"},\"primaryImageOfPage\":{\"@id\":\"https:\/\/azur-reflexologie.fr\/?page_id=46#primaryimage\"},\"image\":{\"@id\":\"https:\/\/azur-reflexologie.fr\/?page_id=46#primaryimage\"},\"thumbnailUrl\":\"https:\/\/azur-reflexologie.fr\/wp-content\/uploads\/2025\/03\/IMG_20250308_170803-01-226x300.jpeg\",\"datePublished\":\"2025-03-28T16:14:28+00:00\",\"dateModified\":\"2026-03-22T14:06:36+00:00\",\"breadcrumb\":{\"@id\":\"https:\/\/azur-reflexologie.fr\/?page_id=46#breadcrumb\"},\"inLanguage\":\"fr-FR\",\"potentialAction\":[{\"@type\":\"ReadAction\",\"target\":[\"https:\/\/azur-reflexologie.fr\/?page_id=46\"]}]},{\"@type\":\"ImageObject\",\"inLanguage\":\"fr-FR\",\"@id\":\"https:\/\/azur-reflexologie.fr\/?page_id=46#primaryimage\",\"url\":\"https:\/\/azur-reflexologie.fr\/wp-content\/uploads\/2025\/03\/IMG_20250308_170803-01.jpeg\",\"contentUrl\":\"https:\/\/azur-reflexologie.fr\/wp-content\/uploads\/2025\/03\/IMG_20250308_170803-01.jpeg\",\"width\":1296,\"height\":1722},{\"@type\":\"BreadcrumbList\",\"@id\":\"https:\/\/azur-reflexologie.fr\/?page_id=46#breadcrumb\",\"itemListElement\":[{\"@type\":\"ListItem\",\"position\":1,\"name\":\"Accueil\",\"item\":\"https:\/\/azur-reflexologie.fr\/\"},{\"@type\":\"ListItem\",\"position\":2,\"name\":\"Contact\"}]},{\"@type\":\"WebSite\",\"@id\":\"https:\/\/azur-reflexologie.fr\/#website\",\"url\":\"https:\/\/azur-reflexologie.fr\/\",\"name\":\"Azur R\u00e9flexologie\",\"description\":\"\",\"publisher\":{\"@id\":\"https:\/\/azur-reflexologie.fr\/#organization\"},\"alternateName\":\"Sandrine Stagliano, votre r\u00e9flexologue sur Bandol, Sanary, Saint-Cyr-sur-mer, Six-fours, La Cadi\u00e8re, Le Beausset, Le Castellet, Ollioules, La Seyne, Toulon, La Ciotat...\",\"potentialAction\":[{\"@type\":\"SearchAction\",\"target\":{\"@type\":\"EntryPoint\",\"urlTemplate\":\"https:\/\/azur-reflexologie.fr\/?s={search_term_string}\"},\"query-input\":{\"@type\":\"PropertyValueSpecification\",\"valueRequired\":true,\"valueName\":\"search_term_string\"}}],\"inLanguage\":\"fr-FR\"},{\"@type\":\"Organization\",\"@id\":\"https:\/\/azur-reflexologie.fr\/#organization\",\"name\":\"Votre r\u00e9flexologue sur Bandol et alentours\",\"alternateName\":\"Sandrine Stagliano\",\"url\":\"https:\/\/azur-reflexologie.fr\/\",\"logo\":{\"@type\":\"ImageObject\",\"inLanguage\":\"fr-FR\",\"@id\":\"https:\/\/azur-reflexologie.fr\/#\/schema\/logo\/image\/\",\"url\":\"https:\/\/azur-reflexologie.fr\/wp-content\/uploads\/2025\/03\/bandeau-e1743184361284.png\",\"contentUrl\":\"https:\/\/azur-reflexologie.fr\/wp-content\/uploads\/2025\/03\/bandeau-e1743184361284.png\",\"width\":1510,\"height\":430,\"caption\":\"Votre r\u00e9flexologue sur Bandol et alentours\"},\"image\":{\"@id\":\"https:\/\/azur-reflexologie.fr\/#\/schema\/logo\/image\/\"},\"sameAs\":[\"https:\/\/www.instagram.com\/azur_reflexologie\",\"https:\/\/www.linkedin.com\/in\/sandrine-stagliano\/\"]}]}<\/script>\n<!-- \/ Yoast SEO plugin. -->","yoast_head_json":{"title":"Contact - Azur R\u00e9flexologie","robots":{"index":"index","follow":"follow","max-snippet":"max-snippet:-1","max-image-preview":"max-image-preview:large","max-video-preview":"max-video-preview:-1"},"canonical":"https:\/\/azur-reflexologie.fr\/?page_id=46","og_locale":"fr_FR","og_type":"article","og_title":"Contact - Azur R\u00e9flexologie","og_description":"Pour tout renseignement et prise de rendez-vous Sandrine StaglianoR\u00e9flexologue &#8211; Entrepreneur individuel T\u00e9l. pro : 06.51.78.07.33E-mail : sandrine@azur-reflexologie.com Sandrine StaglianoR\u00e9flexologue &#8211; Entrepreneur individuel T\u00e9l. pro : 06.51.78.07.33E-mail : sandrine@azur-reflexologie.com Si vous pr\u00e9f\u00e9rez prendre RDV en ligne : AdulteR\u00c9SERVER UNE S\u00c9ANCE \ud83d\uddd3\ufe0f Tarif : 60 \u20acDur\u00e9e : 1h (pr\u00e9voir 1h30 pour &hellip;","og_url":"https:\/\/azur-reflexologie.fr\/?page_id=46","og_site_name":"Azur R\u00e9flexologie","article_modified_time":"2026-03-22T14:06:36+00:00","og_image":[{"width":1296,"height":1722,"url":"https:\/\/azur-reflexologie.fr\/wp-content\/uploads\/2025\/03\/IMG_20250308_170803-01.jpeg","type":"image\/jpeg"}],"twitter_card":"summary_large_image","twitter_misc":{"Dur\u00e9e de lecture estim\u00e9e":"3 minutes"},"schema":{"@context":"https:\/\/schema.org","@graph":[{"@type":"WebPage","@id":"https:\/\/azur-reflexologie.fr\/?page_id=46","url":"https:\/\/azur-reflexologie.fr\/?page_id=46","name":"Contact - Azur R\u00e9flexologie","isPartOf":{"@id":"https:\/\/azur-reflexologie.fr\/#website"},"primaryImageOfPage":{"@id":"https:\/\/azur-reflexologie.fr\/?page_id=46#primaryimage"},"image":{"@id":"https:\/\/azur-reflexologie.fr\/?page_id=46#primaryimage"},"thumbnailUrl":"https:\/\/azur-reflexologie.fr\/wp-content\/uploads\/2025\/03\/IMG_20250308_170803-01-226x300.jpeg","datePublished":"2025-03-28T16:14:28+00:00","dateModified":"2026-03-22T14:06:36+00:00","breadcrumb":{"@id":"https:\/\/azur-reflexologie.fr\/?page_id=46#breadcrumb"},"inLanguage":"fr-FR","potentialAction":[{"@type":"ReadAction","target":["https:\/\/azur-reflexologie.fr\/?page_id=46"]}]},{"@type":"ImageObject","inLanguage":"fr-FR","@id":"https:\/\/azur-reflexologie.fr\/?page_id=46#primaryimage","url":"https:\/\/azur-reflexologie.fr\/wp-content\/uploads\/2025\/03\/IMG_20250308_170803-01.jpeg","contentUrl":"https:\/\/azur-reflexologie.fr\/wp-content\/uploads\/2025\/03\/IMG_20250308_170803-01.jpeg","width":1296,"height":1722},{"@type":"BreadcrumbList","@id":"https:\/\/azur-reflexologie.fr\/?page_id=46#breadcrumb","itemListElement":[{"@type":"ListItem","position":1,"name":"Accueil","item":"https:\/\/azur-reflexologie.fr\/"},{"@type":"ListItem","position":2,"name":"Contact"}]},{"@type":"WebSite","@id":"https:\/\/azur-reflexologie.fr\/#website","url":"https:\/\/azur-reflexologie.fr\/","name":"Azur R\u00e9flexologie","description":"","publisher":{"@id":"https:\/\/azur-reflexologie.fr\/#organization"},"alternateName":"Sandrine Stagliano, votre r\u00e9flexologue sur Bandol, Sanary, Saint-Cyr-sur-mer, Six-fours, La Cadi\u00e8re, Le Beausset, Le Castellet, Ollioules, La Seyne, Toulon, La Ciotat...","potentialAction":[{"@type":"SearchAction","target":{"@type":"EntryPoint","urlTemplate":"https:\/\/azur-reflexologie.fr\/?s={search_term_string}"},"query-input":{"@type":"PropertyValueSpecification","valueRequired":true,"valueName":"search_term_string"}}],"inLanguage":"fr-FR"},{"@type":"Organization","@id":"https:\/\/azur-reflexologie.fr\/#organization","name":"Votre r\u00e9flexologue sur Bandol et alentours","alternateName":"Sandrine Stagliano","url":"https:\/\/azur-reflexologie.fr\/","logo":{"@type":"ImageObject","inLanguage":"fr-FR","@id":"https:\/\/azur-reflexologie.fr\/#\/schema\/logo\/image\/","url":"https:\/\/azur-reflexologie.fr\/wp-content\/uploads\/2025\/03\/bandeau-e1743184361284.png","contentUrl":"https:\/\/azur-reflexologie.fr\/wp-content\/uploads\/2025\/03\/bandeau-e1743184361284.png","width":1510,"height":430,"caption":"Votre r\u00e9flexologue sur Bandol et alentours"},"image":{"@id":"https:\/\/azur-reflexologie.fr\/#\/schema\/logo\/image\/"},"sameAs":["https:\/\/www.instagram.com\/azur_reflexologie","https:\/\/www.linkedin.com\/in\/sandrine-stagliano\/"]}]}},"_links":{"self":[{"href":"https:\/\/azur-reflexologie.fr\/index.php?rest_route=\/wp\/v2\/pages\/46","targetHints":{"allow":["GET"]}}],"collection":[{"href":"https:\/\/azur-reflexologie.fr\/index.php?rest_route=\/wp\/v2\/pages"}],"about":[{"href":"https:\/\/azur-reflexologie.fr\/index.php?rest_route=\/wp\/v2\/types\/page"}],"author":[{"embeddable":true,"href":"https:\/\/azur-reflexologie.fr\/index.php?rest_route=\/wp\/v2\/users\/1"}],"replies":[{"embeddable":true,"href":"https:\/\/azur-reflexologie.fr\/index.php?rest_route=%2Fwp%2Fv2%2Fcomments&post=46"}],"version-history":[{"count":101,"href":"https:\/\/azur-reflexologie.fr\/index.php?rest_route=\/wp\/v2\/pages\/46\/revisions"}],"predecessor-version":[{"id":883,"href":"https:\/\/azur-reflexologie.fr\/index.php?rest_route=\/wp\/v2\/pages\/46\/revisions\/883"}],"wp:attachment":[{"href":"https:\/\/azur-reflexologie.fr\/index.php?rest_route=%2Fwp%2Fv2%2Fmedia&parent=46"}],"curies":[{"name":"wp","href":"https:\/\/api.w.org\/{rel}","templated":true}]}}